{"id":1166,"date":"2023-09-05T15:44:45","date_gmt":"2023-09-05T15:44:45","guid":{"rendered":"https:\/\/implansaltillo.mx\/boceto\/?page_id=1166"},"modified":"2025-03-27T17:17:37","modified_gmt":"2025-03-27T17:17:37","slug":"que-es-el-implan","status":"publish","type":"page","link":"https:\/\/implansaltillo.mx\/boceto\/que-es-el-implan\/","title":{"rendered":"que es el implan"},"content":{"rendered":"\t\t<div data-elementor-type=\"wp-page\" data-elementor-id=\"1166\" class=\"elementor elementor-1166\" data-elementor-post-type=\"page\">\n\t\t\t\t\t\t<section class=\"elementor-section elementor-top-section elementor-element elementor-element-677e0af2 elementor-section-height-min-height elementor-section-stretched elementor-section-boxed elementor-section-height-default elementor-section-items-middle elementor-invisible\" data-id=\"677e0af2\" data-element_type=\"section\" data-e-type=\"section\" id=\"welcome\" data-settings=\"{&quot;stretch_section&quot;:&quot;section-stretched&quot;,&quot;background_background&quot;:&quot;classic&quot;,&quot;animation&quot;:&quot;fadeIn&quot;,&quot;shape_divider_bottom&quot;:&quot;tilt&quot;,&quot;ekit_has_onepagescroll_dot&quot;:&quot;yes&quot;}\">\n\t\t\t\t\t\t\t<div class=\"elementor-background-overlay\"><\/div>\n\t\t\t\t\t\t<div class=\"elementor-shape elementor-shape-bottom\" aria-hidden=\"true\" data-negative=\"false\">\n\t\t\t<svg xmlns=\"http:\/\/www.w3.org\/2000\/svg\" viewBox=\"0 0 1000 100\" preserveAspectRatio=\"none\">\n\t<path class=\"elementor-shape-fill\" d=\"M0,6V0h1000v100L0,6z\"\/>\n<\/svg>\t\t<\/div>\n\t\t\t\t\t<div class=\"elementor-container elementor-column-gap-no\">\n\t\t\t\t\t<div class=\"elementor-column elementor-col-100 elementor-top-column elementor-element elementor-element-554fb890\" data-id=\"554fb890\" data-element_type=\"column\" data-e-type=\"column\">\n\t\t\t<div class=\"elementor-widget-wrap elementor-element-populated\">\n\t\t\t\t\t\t<div class=\"elementor-element elementor-element-2744281c elementor-invisible elementor-widget elementor-widget-avas-animated-heading\" data-id=\"2744281c\" data-element_type=\"widget\" data-e-type=\"widget\" data-settings=\"{&quot;_animation&quot;:&quot;fadeIn&quot;,&quot;ekit_we_effect_on&quot;:&quot;none&quot;}\" data-widget_type=\"avas-animated-heading.default\">\n\t\t\t\t<div class=\"elementor-widget-container\">\n\t\t\t\t\t\n    <div class=\"tx-animated-heading-wrap\" data-settings=\"{&quot;styles&quot;:&quot;typed&quot;,&quot;strings&quot;:[&quot;\\u00bfQu\\u00e9 es el IMPLAN?&quot;],&quot;typeSpeed&quot;:70,&quot;startDelay&quot;:500,&quot;backSpeed&quot;:40,&quot;backDelay&quot;:2000,&quot;loop&quot;:true,&quot;loopCount&quot;:&quot;infinity&quot;}\" >\n\n        \n            <h2 class=\"tx-animated-heading\">\n                <span class=\"tx-animated-heading-before-text\"><\/span>\n                                <span id=\"tx-ah-2744281c\" class=\"tx-animated-txt\"><\/span>\n                                <span class=\"tx-animated-heading-after-text\"><\/span>\n            <\/h2>\n\n        \n    <\/div>\n\n\n\n\t\t\t\t<\/div>\n\t\t\t\t<\/div>\n\t\t\t\t\t<\/div>\n\t\t<\/div>\n\t\t\t\t\t<\/div>\n\t\t<\/section>\n\t\t\t\t<section class=\"elementor-section elementor-top-section elementor-element elementor-element-364729d1 elementor-section-stretched elementor-section-boxed elementor-section-height-default elementor-section-height-default\" data-id=\"364729d1\" data-element_type=\"section\" data-e-type=\"section\" id=\"skills\" data-settings=\"{&quot;stretch_section&quot;:&quot;section-stretched&quot;,&quot;background_background&quot;:&quot;classic&quot;,&quot;ekit_has_onepagescroll_dot&quot;:&quot;yes&quot;}\">\n\t\t\t\t\t\t<div class=\"elementor-container elementor-column-gap-default\">\n\t\t\t\t\t<div class=\"elementor-column elementor-col-100 elementor-top-column elementor-element elementor-element-10c7aa93\" data-id=\"10c7aa93\" data-element_type=\"column\" data-e-type=\"column\">\n\t\t\t<div class=\"elementor-widget-wrap elementor-element-populated\">\n\t\t\t\t<div class=\"elementor-element elementor-element-fe92da4 e-flex e-con-boxed e-con e-parent\" data-id=\"fe92da4\" data-element_type=\"container\" data-e-type=\"container\" data-settings=\"{&quot;ekit_has_onepagescroll_dot&quot;:&quot;yes&quot;}\">\n\t\t\t\t\t<div class=\"e-con-inner\">\n\t\t<div class=\"elementor-element elementor-element-e79b3da e-flex e-con-boxed e-con e-child\" data-id=\"e79b3da\" data-element_type=\"container\" data-e-type=\"container\" data-settings=\"{&quot;ekit_has_onepagescroll_dot&quot;:&quot;yes&quot;}\">\n\t\t\t\t\t<div class=\"e-con-inner\">\n\t\t<div class=\"elementor-element elementor-element-4524ae6 e-con-full e-flex e-con e-child\" data-id=\"4524ae6\" data-element_type=\"container\" data-e-type=\"container\" data-settings=\"{&quot;ekit_has_onepagescroll_dot&quot;:&quot;yes&quot;}\">\n\t\t\t\t<div class=\"elementor-element elementor-element-5ce55bf elementor-tabs-view-horizontal elementor-widget elementor-widget-tabs\" data-id=\"5ce55bf\" data-element_type=\"widget\" data-e-type=\"widget\" data-settings=\"{&quot;ekit_we_effect_on&quot;:&quot;none&quot;}\" data-widget_type=\"tabs.default\">\n\t\t\t\t<div class=\"elementor-widget-container\">\n\t\t\t\t\t\t\t<div class=\"elementor-tabs\">\n\t\t\t<div class=\"elementor-tabs-wrapper\" role=\"tablist\" >\n\t\t\t\t\t\t\t\t\t<div id=\"elementor-tab-title-9741\" class=\"elementor-tab-title elementor-tab-desktop-title\" aria-selected=\"true\" data-tab=\"1\" role=\"tab\" tabindex=\"0\" aria-controls=\"elementor-tab-content-9741\" aria-expanded=\"false\">IMPLAN<\/div>\n\t\t\t\t\t\t\t\t\t<div id=\"elementor-tab-title-9742\" class=\"elementor-tab-title elementor-tab-desktop-title\" aria-selected=\"false\" data-tab=\"2\" role=\"tab\" tabindex=\"-1\" aria-controls=\"elementor-tab-content-9742\" aria-expanded=\"false\">Misi\u00f3n<\/div>\n\t\t\t\t\t\t\t\t\t<div id=\"elementor-tab-title-9743\" class=\"elementor-tab-title elementor-tab-desktop-title\" aria-selected=\"false\" data-tab=\"3\" role=\"tab\" tabindex=\"-1\" aria-controls=\"elementor-tab-content-9743\" aria-expanded=\"false\">Visi\u00f3n<\/div>\n\t\t\t\t\t\t\t<\/div>\n\t\t\t<div class=\"elementor-tabs-content-wrapper\" role=\"tablist\" aria-orientation=\"vertical\">\n\t\t\t\t\t\t\t\t\t<div class=\"elementor-tab-title elementor-tab-mobile-title\" aria-selected=\"true\" data-tab=\"1\" role=\"tab\" tabindex=\"0\" aria-controls=\"elementor-tab-content-9741\" aria-expanded=\"false\">IMPLAN<\/div>\n\t\t\t\t\t<div id=\"elementor-tab-content-9741\" class=\"elementor-tab-content elementor-clearfix\" data-tab=\"1\" role=\"tabpanel\" aria-labelledby=\"elementor-tab-title-9741\" tabindex=\"0\" hidden=\"false\"><p>El Instituto Municipal de Planeaci\u00f3n de Saltillo (IMPLAN)\u00a0es una instituci\u00f3n p\u00fablica responsable de planeaci\u00f3n del desarrollo sustentable del Municipio a trav\u00e9s de la participaci\u00f3n ciudadana y la de sus funcionarios en una cultura urbana responsable; como un instrumento de la estructura Municipal que contribuye y ampl\u00eda la capacidad de gesti\u00f3n operativa, financiera y urbana de los diferentes actores p\u00fablicos y privados del Municipio de Saltillo.<\/p><\/div>\n\t\t\t\t\t\t\t\t\t<div class=\"elementor-tab-title elementor-tab-mobile-title\" aria-selected=\"false\" data-tab=\"2\" role=\"tab\" tabindex=\"-1\" aria-controls=\"elementor-tab-content-9742\" aria-expanded=\"false\">Misi\u00f3n<\/div>\n\t\t\t\t\t<div id=\"elementor-tab-content-9742\" class=\"elementor-tab-content elementor-clearfix\" data-tab=\"2\" role=\"tabpanel\" aria-labelledby=\"elementor-tab-title-9742\" tabindex=\"0\" hidden=\"hidden\"><p>Orientar al Municipio en materia de planeaci\u00f3n a trav\u00e9s de la elaboraci\u00f3n de estudios y proyectos con participaci\u00f3n ciudadana y una visi\u00f3n de transversalidad para impulsar el desarrollo sustentable.<\/p><\/div>\n\t\t\t\t\t\t\t\t\t<div class=\"elementor-tab-title elementor-tab-mobile-title\" aria-selected=\"false\" data-tab=\"3\" role=\"tab\" tabindex=\"-1\" aria-controls=\"elementor-tab-content-9743\" aria-expanded=\"false\">Visi\u00f3n<\/div>\n\t\t\t\t\t<div id=\"elementor-tab-content-9743\" class=\"elementor-tab-content elementor-clearfix\" data-tab=\"3\" role=\"tabpanel\" aria-labelledby=\"elementor-tab-title-9743\" tabindex=\"0\" hidden=\"hidden\"><p>Ser una instituci\u00f3n confiable que promueve de manera equilibrada el desarrollo urbano, social, ambiental y econ\u00f3mico del Municipio, implementando metodolog\u00edas \u00f3ptimas de planeaci\u00f3n y dise\u00f1o, creando mejores condiciones de vida para sus ciudadanos.<\/p><\/div>\n\t\t\t\t\t\t\t<\/div>\n\t\t<\/div>\n\t\t\t\t\t\t<\/div>\n\t\t\t\t<\/div>\n\t\t\t\t<\/div>\n\t\t<div class=\"elementor-element elementor-element-8c0aab2 e-con-full e-flex e-con e-child\" data-id=\"8c0aab2\" data-element_type=\"container\" data-e-type=\"container\" data-settings=\"{&quot;ekit_has_onepagescroll_dot&quot;:&quot;yes&quot;}\">\n\t\t\t\t<div class=\"elementor-element elementor-element-c1bfe62 elementor-widget elementor-widget-video\" data-id=\"c1bfe62\" data-element_type=\"widget\" data-e-type=\"widget\" data-settings=\"{&quot;video_type&quot;:&quot;hosted&quot;,&quot;controls&quot;:&quot;yes&quot;,&quot;ekit_we_effect_on&quot;:&quot;none&quot;}\" data-widget_type=\"video.default\">\n\t\t\t\t<div class=\"elementor-widget-container\">\n\t\t\t\t\t\t\t<div class=\"e-hosted-video elementor-wrapper elementor-open-inline\">\n\t\t\t\t\t<video class=\"elementor-video\" src=\"http:\/\/www.implansaltillo.mx\/img\/quienes_somos\/video_quienes_somos.mp4\" controls=\"\" preload=\"metadata\" controlsList=\"nodownload\"><\/video>\n\t\t\t\t<\/div>\n\t\t\t\t\t\t<\/div>\n\t\t\t\t<\/div>\n\t\t\t\t<\/div>\n\t\t\t\t\t<\/div>\n\t\t\t\t<\/div>\n\t\t\t\t\t<\/div>\n\t\t\t\t<\/div>\n\t\t\t\t\t<\/div>\n\t\t<\/div>\n\t\t\t\t\t<\/div>\n\t\t<\/section>\n\t\t\t\t<section class=\"elementor-section elementor-top-section elementor-element elementor-element-253684f5 elementor-section-stretched elementor-section-boxed elementor-section-height-default elementor-section-height-default\" data-id=\"253684f5\" data-element_type=\"section\" data-e-type=\"section\" id=\"about\" data-settings=\"{&quot;stretch_section&quot;:&quot;section-stretched&quot;,&quot;shape_divider_top&quot;:&quot;tilt&quot;,&quot;ekit_has_onepagescroll_dot&quot;:&quot;yes&quot;}\">\n\t\t\t\t\t<div class=\"elementor-shape elementor-shape-top\" aria-hidden=\"true\" data-negative=\"false\">\n\t\t\t<svg xmlns=\"http:\/\/www.w3.org\/2000\/svg\" viewBox=\"0 0 1000 100\" preserveAspectRatio=\"none\">\n\t<path class=\"elementor-shape-fill\" d=\"M0,6V0h1000v100L0,6z\"\/>\n<\/svg>\t\t<\/div>\n\t\t\t\t\t<div class=\"elementor-container elementor-column-gap-default\">\n\t\t\t\t\t<div class=\"elementor-column elementor-col-50 elementor-top-column elementor-element elementor-element-2eff818a\" data-id=\"2eff818a\" data-element_type=\"column\" data-e-type=\"column\">\n\t\t\t<div class=\"elementor-widget-wrap elementor-element-populated\">\n\t\t\t\t\t\t<div class=\"elementor-element elementor-element-d41518d elementor-invisible elementor-widget elementor-widget-heading\" data-id=\"d41518d\" data-element_type=\"widget\" data-e-type=\"widget\" data-settings=\"{&quot;_animation&quot;:&quot;fadeIn&quot;,&quot;ekit_we_effect_on&quot;:&quot;none&quot;}\" data-widget_type=\"heading.default\">\n\t\t\t\t<div class=\"elementor-widget-container\">\n\t\t\t\t\t<h2 class=\"elementor-heading-title elementor-size-default\">Organizaci\u00f3n<\/h2>\t\t\t\t<\/div>\n\t\t\t\t<\/div>\n\t\t\t\t<div class=\"elementor-element elementor-element-1a449fd elementor-widget-divider--view-line elementor-invisible elementor-widget elementor-widget-divider\" data-id=\"1a449fd\" data-element_type=\"widget\" data-e-type=\"widget\" data-settings=\"{&quot;_animation&quot;:&quot;fadeIn&quot;,&quot;ekit_we_effect_on&quot;:&quot;none&quot;}\" data-widget_type=\"divider.default\">\n\t\t\t\t<div class=\"elementor-widget-container\">\n\t\t\t\t\t\t\t<div class=\"elementor-divider\">\n\t\t\t<span class=\"elementor-divider-separator\">\n\t\t\t\t\t\t<\/span>\n\t\t<\/div>\n\t\t\t\t\t\t<\/div>\n\t\t\t\t<\/div>\n\t\t\t\t<div class=\"elementor-element elementor-element-c0be1d3 elementor-invisible elementor-widget elementor-widget-text-editor\" data-id=\"c0be1d3\" data-element_type=\"widget\" data-e-type=\"widget\" data-settings=\"{&quot;_animation&quot;:&quot;fadeIn&quot;,&quot;ekit_we_effect_on&quot;:&quot;none&quot;}\" data-widget_type=\"text-editor.default\">\n\t\t\t\t<div class=\"elementor-widget-container\">\n\t\t\t\t\t\t\t\t\t<p>La Organizaci\u00f3n del IMPLAN Saltillo se conforma por una <strong><a href=\"http:\/\/implansaltillo.mx\/boceto\/que-es-el-implan\/\">Junta de Gobierno<\/a><\/strong> que es la m\u00e1xima autoridad en este Instituto, la Direcci\u00f3n General, una Secretar\u00eda T\u00e9cnica y cinco Coordinaciones Generales, las cuales se mencionan en el siguiente organigrama:<\/p>\t\t\t\t\t\t\t\t<\/div>\n\t\t\t\t<\/div>\n\t\t\t\t\t<\/div>\n\t\t<\/div>\n\t\t\t\t<div class=\"elementor-column elementor-col-50 elementor-top-column elementor-element elementor-element-c0707c5\" data-id=\"c0707c5\" data-element_type=\"column\" data-e-type=\"column\">\n\t\t\t<div class=\"elementor-widget-wrap elementor-element-populated\">\n\t\t\t\t\t\t<div class=\"elementor-element elementor-element-eb80d72 e-transform elementor-widget elementor-widget-hotspot\" data-id=\"eb80d72\" data-element_type=\"widget\" data-e-type=\"widget\" data-settings=\"{&quot;hotspot&quot;:[{&quot;hotspot_link&quot;:{&quot;url&quot;:&quot;www.implan.com&quot;,&quot;is_external&quot;:&quot;&quot;,&quot;nofollow&quot;:&quot;&quot;,&quot;custom_attributes&quot;:&quot;&quot;},&quot;hotspot_tooltip_content&quot;:&quot;&quot;,&quot;hotspot_offset_x&quot;:{&quot;unit&quot;:&quot;%&quot;,&quot;size&quot;:57,&quot;sizes&quot;:[]},&quot;hotspot_offset_y&quot;:{&quot;unit&quot;:&quot;%&quot;,&quot;size&quot;:6,&quot;sizes&quot;:[]},&quot;hotspot_tooltip_position&quot;:&quot;&quot;,&quot;_id&quot;:&quot;fb825e5&quot;,&quot;hotspot_label&quot;:&quot;&quot;,&quot;hotspot_icon&quot;:{&quot;value&quot;:&quot;&quot;,&quot;library&quot;:&quot;&quot;},&quot;hotspot_custom_size&quot;:&quot;no&quot;,&quot;hotspot_horizontal&quot;:&quot;left&quot;,&quot;hotspot_vertical&quot;:&quot;top&quot;,&quot;hotspot_position&quot;:null,&quot;hotspot_position_tablet&quot;:null,&quot;hotspot_position_mobile&quot;:null,&quot;hotspot_icon_position&quot;:null,&quot;hotspot_icon_spacing&quot;:null,&quot;hotspot_width&quot;:null,&quot;hotspot_height&quot;:null,&quot;hotspot_offset_x_tablet&quot;:{&quot;unit&quot;:&quot;px&quot;,&quot;size&quot;:&quot;&quot;,&quot;sizes&quot;:[]},&quot;hotspot_offset_x_mobile&quot;:{&quot;unit&quot;:&quot;px&quot;,&quot;size&quot;:&quot;&quot;,&quot;sizes&quot;:[]},&quot;hotspot_offset_y_tablet&quot;:{&quot;unit&quot;:&quot;px&quot;,&quot;size&quot;:&quot;&quot;,&quot;sizes&quot;:[]},&quot;hotspot_offset_y_mobile&quot;:{&quot;unit&quot;:&quot;px&quot;,&quot;size&quot;:&quot;&quot;,&quot;sizes&quot;:[]},&quot;hotspot_tooltip_width&quot;:null,&quot;hotspot_tooltip_width_tablet&quot;:null,&quot;hotspot_tooltip_width_mobile&quot;:null,&quot;hotspot_tooltip_text_wrap&quot;:null}],&quot;_transform_scale_effect_hover&quot;:{&quot;unit&quot;:&quot;px&quot;,&quot;size&quot;:1.1,&quot;sizes&quot;:[]},&quot;hotspot_sequenced_animation&quot;:&quot;no&quot;,&quot;tooltip_position&quot;:&quot;top&quot;,&quot;tooltip_trigger&quot;:&quot;click&quot;,&quot;tooltip_animation&quot;:&quot;e-hotspot--fade-in-out&quot;,&quot;ekit_we_effect_on&quot;:&quot;none&quot;,&quot;_transform_scale_effect_hover_tablet&quot;:{&quot;unit&quot;:&quot;px&quot;,&quot;size&quot;:&quot;&quot;,&quot;sizes&quot;:[]},&quot;_transform_scale_effect_hover_mobile&quot;:{&quot;unit&quot;:&quot;px&quot;,&quot;size&quot;:&quot;&quot;,&quot;sizes&quot;:[]}}\" data-widget_type=\"hotspot.default\">\n\t\t\t\t<div class=\"elementor-widget-container\">\n\t\t\t\t\t<img fetchpriority=\"high\" decoding=\"async\" width=\"2550\" height=\"2525\" src=\"https:\/\/implansaltillo.mx\/boceto\/wp-content\/uploads\/2023\/09\/diagrama2.png\" class=\"attachment-full size-full wp-image-1325\" alt=\"\" srcset=\"https:\/\/implansaltillo.mx\/boceto\/wp-content\/uploads\/2023\/09\/diagrama2.png 2550w, https:\/\/implansaltillo.mx\/boceto\/wp-content\/uploads\/2023\/09\/diagrama2-300x297.png 300w, https:\/\/implansaltillo.mx\/boceto\/wp-content\/uploads\/2023\/09\/diagrama2-1024x1014.png 1024w, https:\/\/implansaltillo.mx\/boceto\/wp-content\/uploads\/2023\/09\/diagrama2-150x150.png 150w, https:\/\/implansaltillo.mx\/boceto\/wp-content\/uploads\/2023\/09\/diagrama2-768x760.png 768w, https:\/\/implansaltillo.mx\/boceto\/wp-content\/uploads\/2023\/09\/diagrama2-1536x1521.png 1536w, https:\/\/implansaltillo.mx\/boceto\/wp-content\/uploads\/2023\/09\/diagrama2-2048x2028.png 2048w, https:\/\/implansaltillo.mx\/boceto\/wp-content\/uploads\/2023\/09\/diagrama2-1293x1280.png 1293w, https:\/\/implansaltillo.mx\/boceto\/wp-content\/uploads\/2023\/09\/diagrama2-360x356.png 360w, https:\/\/implansaltillo.mx\/boceto\/wp-content\/uploads\/2023\/09\/diagrama2-373x369.png 373w, https:\/\/implansaltillo.mx\/boceto\/wp-content\/uploads\/2023\/09\/diagrama2-80x80.png 80w, https:\/\/implansaltillo.mx\/boceto\/wp-content\/uploads\/2023\/09\/diagrama2-620x614.png 620w, https:\/\/implansaltillo.mx\/boceto\/wp-content\/uploads\/2023\/09\/diagrama2-460x455.png 460w, https:\/\/implansaltillo.mx\/boceto\/wp-content\/uploads\/2023\/09\/diagrama2-365x361.png 365w\" sizes=\"(max-width: 2550px) 100vw, 2550px\" \/>\n\t\t\t\t\t\t<a class=\"e-hotspot elementor-repeater-item-fb825e5  e-hotspot--position-left e-hotspot--position-top e-hotspot--link e-hotspot--no-tooltip e-hotspot--circle\" href=\"http:\/\/www.implan.com\">\n\n\t\t\t\t\t\t\t\t<div class=\"e-hotspot__button e-hotspot--expand\">\n\t\t\t\t\t\t\t\t\t\t\t<div class=\"e-hotspot__outer-circle\"><\/div>\n\t\t\t\t\t\t<div class=\"e-hotspot__inner-circle\"><\/div>\n\t\t\t\t\t\t\t\t\t<\/div>\n\n\t\t\t\t\t\t\t\t\n\t\t\t<\/a>\n\n\t\n\t\t\t\t\t\t<\/div>\n\t\t\t\t<\/div>\n\t\t\t\t\t<\/div>\n\t\t<\/div>\n\t\t\t\t\t<\/div>\n\t\t<\/section>\n\t\t\t\t<section class=\"elementor-section elementor-top-section elementor-element elementor-element-71e76419 elementor-section-stretched elementor-section-boxed elementor-section-height-default elementor-section-height-default\" data-id=\"71e76419\" data-element_type=\"section\" data-e-type=\"section\" id=\"service\" data-settings=\"{&quot;stretch_section&quot;:&quot;section-stretched&quot;,&quot;background_background&quot;:&quot;classic&quot;,&quot;shape_divider_top&quot;:&quot;tilt&quot;,&quot;ekit_has_onepagescroll_dot&quot;:&quot;yes&quot;}\">\n\t\t\t\t\t<div class=\"elementor-shape elementor-shape-top\" aria-hidden=\"true\" data-negative=\"false\">\n\t\t\t<svg xmlns=\"http:\/\/www.w3.org\/2000\/svg\" viewBox=\"0 0 1000 100\" preserveAspectRatio=\"none\">\n\t<path class=\"elementor-shape-fill\" d=\"M0,6V0h1000v100L0,6z\"\/>\n<\/svg>\t\t<\/div>\n\t\t\t\t\t<div class=\"elementor-container elementor-column-gap-default\">\n\t\t\t\t\t<div class=\"elementor-column elementor-col-100 elementor-top-column elementor-element elementor-element-1d775c67\" data-id=\"1d775c67\" data-element_type=\"column\" data-e-type=\"column\">\n\t\t\t<div class=\"elementor-widget-wrap elementor-element-populated\">\n\t\t\t\t\t\t<div class=\"elementor-element elementor-element-e9f5126 elementor-invisible elementor-widget elementor-widget-heading\" data-id=\"e9f5126\" data-element_type=\"widget\" data-e-type=\"widget\" data-settings=\"{&quot;_animation&quot;:&quot;fadeIn&quot;,&quot;ekit_we_effect_on&quot;:&quot;none&quot;}\" data-widget_type=\"heading.default\">\n\t\t\t\t<div class=\"elementor-widget-container\">\n\t\t\t\t\t<h2 class=\"elementor-heading-title elementor-size-default\">Junta de Gobierno<\/h2>\t\t\t\t<\/div>\n\t\t\t\t<\/div>\n\t\t\t\t<div class=\"elementor-element elementor-element-36234f5 elementor-widget-divider--view-line elementor-invisible elementor-widget elementor-widget-divider\" data-id=\"36234f5\" data-element_type=\"widget\" data-e-type=\"widget\" data-settings=\"{&quot;_animation&quot;:&quot;fadeIn&quot;,&quot;ekit_we_effect_on&quot;:&quot;none&quot;}\" data-widget_type=\"divider.default\">\n\t\t\t\t<div class=\"elementor-widget-container\">\n\t\t\t\t\t\t\t<div class=\"elementor-divider\">\n\t\t\t<span class=\"elementor-divider-separator\">\n\t\t\t\t\t\t<\/span>\n\t\t<\/div>\n\t\t\t\t\t\t<\/div>\n\t\t\t\t<\/div>\n\t\t\t\t<div class=\"elementor-element elementor-element-d88a7ef elementor-invisible elementor-widget elementor-widget-text-editor\" data-id=\"d88a7ef\" data-element_type=\"widget\" data-e-type=\"widget\" data-settings=\"{&quot;_animation&quot;:&quot;fadeIn&quot;,&quot;ekit_we_effect_on&quot;:&quot;none&quot;}\" data-widget_type=\"text-editor.default\">\n\t\t\t\t<div class=\"elementor-widget-container\">\n\t\t\t\t\t\t\t\t\t<p>La Junta de Gobierno est\u00e1 integrada por 20 personas, de la siguiente manera:<\/p>\t\t\t\t\t\t\t\t<\/div>\n\t\t\t\t<\/div>\n\t\t\t\t<div class=\"elementor-element elementor-element-0943342 elementor-widget elementor-widget-image\" data-id=\"0943342\" data-element_type=\"widget\" data-e-type=\"widget\" data-settings=\"{&quot;ekit_we_effect_on&quot;:&quot;none&quot;}\" data-widget_type=\"image.default\">\n\t\t\t\t<div class=\"elementor-widget-container\">\n\t\t\t\t\t\t\t\t\t\t\t\t\t\t\t<img decoding=\"async\" width=\"2560\" height=\"1171\" src=\"https:\/\/implansaltillo.mx\/boceto\/wp-content\/uploads\/2025\/03\/484037362_1183964049794441_6493182192335591926_n-1-scaled.jpg\" class=\"attachment-full size-full wp-image-2758\" alt=\"\" srcset=\"https:\/\/implansaltillo.mx\/boceto\/wp-content\/uploads\/2025\/03\/484037362_1183964049794441_6493182192335591926_n-1-scaled.jpg 2560w, https:\/\/implansaltillo.mx\/boceto\/wp-content\/uploads\/2025\/03\/484037362_1183964049794441_6493182192335591926_n-1-300x137.jpg 300w, https:\/\/implansaltillo.mx\/boceto\/wp-content\/uploads\/2025\/03\/484037362_1183964049794441_6493182192335591926_n-1-1024x469.jpg 1024w, https:\/\/implansaltillo.mx\/boceto\/wp-content\/uploads\/2025\/03\/484037362_1183964049794441_6493182192335591926_n-1-768x351.jpg 768w, https:\/\/implansaltillo.mx\/boceto\/wp-content\/uploads\/2025\/03\/484037362_1183964049794441_6493182192335591926_n-1-1536x703.jpg 1536w, https:\/\/implansaltillo.mx\/boceto\/wp-content\/uploads\/2025\/03\/484037362_1183964049794441_6493182192335591926_n-1-2048x937.jpg 2048w, https:\/\/implansaltillo.mx\/boceto\/wp-content\/uploads\/2025\/03\/484037362_1183964049794441_6493182192335591926_n-1-1920x878.jpg 1920w, https:\/\/implansaltillo.mx\/boceto\/wp-content\/uploads\/2025\/03\/484037362_1183964049794441_6493182192335591926_n-1-360x165.jpg 360w, https:\/\/implansaltillo.mx\/boceto\/wp-content\/uploads\/2025\/03\/484037362_1183964049794441_6493182192335591926_n-1-373x171.jpg 373w, https:\/\/implansaltillo.mx\/boceto\/wp-content\/uploads\/2025\/03\/484037362_1183964049794441_6493182192335591926_n-1-80x37.jpg 80w, https:\/\/implansaltillo.mx\/boceto\/wp-content\/uploads\/2025\/03\/484037362_1183964049794441_6493182192335591926_n-1-620x284.jpg 620w, https:\/\/implansaltillo.mx\/boceto\/wp-content\/uploads\/2025\/03\/484037362_1183964049794441_6493182192335591926_n-1-460x210.jpg 460w, https:\/\/implansaltillo.mx\/boceto\/wp-content\/uploads\/2025\/03\/484037362_1183964049794441_6493182192335591926_n-1-365x167.jpg 365w\" sizes=\"(max-width: 2560px) 100vw, 2560px\" \/>\t\t\t\t\t\t\t\t\t\t\t\t\t\t\t<\/div>\n\t\t\t\t<\/div>\n\t\t\t\t<section class=\"elementor-section elementor-inner-section elementor-element elementor-element-7c8b12db elementor-section-boxed elementor-section-height-default elementor-section-height-default\" data-id=\"7c8b12db\" data-element_type=\"section\" data-e-type=\"section\" data-settings=\"{&quot;ekit_has_onepagescroll_dot&quot;:&quot;yes&quot;}\">\n\t\t\t\t\t\t<div class=\"elementor-container elementor-column-gap-wide\">\n\t\t\t\t\t<div class=\"elementor-column elementor-col-50 elementor-inner-column elementor-element elementor-element-7ca944f8 elementor-invisible\" data-id=\"7ca944f8\" data-element_type=\"column\" data-e-type=\"column\" data-settings=\"{&quot;animation&quot;:&quot;fadeIn&quot;}\">\n\t\t\t<div class=\"elementor-widget-wrap elementor-element-populated\">\n\t\t\t\t\t\t<div class=\"elementor-element elementor-element-dbef916 elementor-invisible elementor-widget elementor-widget-heading\" data-id=\"dbef916\" data-element_type=\"widget\" data-e-type=\"widget\" data-settings=\"{&quot;_animation&quot;:&quot;fadeIn&quot;,&quot;ekit_we_effect_on&quot;:&quot;none&quot;}\" data-widget_type=\"heading.default\">\n\t\t\t\t<div class=\"elementor-widget-container\">\n\t\t\t\t\t<h2 class=\"elementor-heading-title elementor-size-default\">Sector P\u00fablico<\/h2>\t\t\t\t<\/div>\n\t\t\t\t<\/div>\n\t\t\t\t<div class=\"elementor-element elementor-element-8a6de27 elementor-invisible elementor-widget elementor-widget-text-editor\" data-id=\"8a6de27\" data-element_type=\"widget\" data-e-type=\"widget\" data-settings=\"{&quot;_animation&quot;:&quot;fadeIn&quot;,&quot;ekit_we_effect_on&quot;:&quot;none&quot;}\" data-widget_type=\"text-editor.default\">\n\t\t\t\t<div class=\"elementor-widget-container\">\n\t\t\t\t\t\t\t\t\t<h5><span style=\"color: #333333;\"><strong>Javier Diaz Gonz\u00e1lez<\/strong>\u00a0<\/span><span style=\"color: #008000;\">Voto<\/span><\/h5><h6><span style=\"color: #808080;\"><em>Presidente Municipal de Saltillo<\/em><\/span><\/h6><h5><strong><span style=\"color: #333333;\">Francisco Saracho Navarro<\/span><\/strong><\/h5><h6><span style=\"color: #808080;\"><em>Secretario del Ayuntamiento<\/em><\/span><\/h6><h5><strong>Lissette \u00c1lvarez Cuellar<\/strong><\/h5><h6><span style=\"color: #808080;\"><em>Tesorera Municipal<\/em><\/span><\/h6><h5><strong>Alberto Glyndwr Salinas De Las Fuentes<\/strong><\/h5><h6><span style=\"color: #808080;\"><em>Director General del IMPLAN<\/em><\/span><\/h6><h5><strong>Patricia Pe\u00f1a Aguirre<\/strong><\/h5><h6><span style=\"color: #808080;\"><em>Contralora Municipal<\/em><\/span><\/h6><h4>\u00a0<\/h4><h4><span style=\"color: #008000;\"><strong>3 funcionarios de la administraci\u00f3n municipal<\/strong><\/span><\/h4><div><h5><strong>Haydee Nayeli Castro Guti\u00e9rrez<\/strong><\/h5><h6><span style=\"color: #808080;\"><em>Directora de Desarrollo Urbano<\/em><\/span><\/h6><h5><strong>Antonio Nerio Maltos<\/strong><\/h5><h6><span style=\"color: #808080;\"><em>Director de Obras P\u00f9blicas<\/em><\/span><\/h6><h5><strong>Alfonso Gonz\u00e1lez V\u00e9lez<\/strong><\/h5><h6><span style=\"color: #808080;\"><em>Secretario T\u00e9cnico del Ayuntamientoo<\/em><\/span><\/h6><h4>\u00a0<\/h4><h4><span style=\"color: #008000;\"><strong>3 Regidores o S\u00edndicos del Ayuntamiento<\/strong><\/span><\/h4><h5><span style=\"color: #008000;\">Voto<\/span><\/h5><div><div><strong>Mar\u00eda del Mar Arroyo Peart<\/strong><\/div><div><h6><span style=\"color: #808080;\"><em>Sindica de Mayoria<\/em><\/span><\/h6><\/div><div><div id=\"int10\" style=\"caret-color: #000000; color: #000000;\"><strong>Amal Lizette Esper Serur<\/strong><\/div><div><h6><span style=\"color: #808080;\"><em>Presidenta de la Comisi\u00f3n de medio Ambiente y Desarrollo Sustentable<\/em><\/span><\/h6><\/div><div id=\"int11\" style=\"caret-color: #000000; color: #000000;\"><strong>Eduardo Morelos Jim\u00e9nez<\/strong><\/div><div><h6><span style=\"color: #808080;\"><em>Presidente de la Comisi\u00f3n de Planeaci\u00f3n, Urbanismo, Obras P\u00fablicas y Centro Hist\u00f3rico<\/em><\/span><\/h6><\/div><div>\u00a0<\/div><\/div><h4><span style=\"color: #008000;\"><strong>1 Representante del Gobierno del Estado<\/strong><\/span><\/h4><div><div style=\"caret-color: #000000; color: #000000;\"><strong>Andres Garza Martinez<\/strong><\/div><div><h6><span style=\"color: #808080;\"><em>Subsecretario de Vivienda y Ordenamiento Territorial de Coahuila de Zaragoza<\/em><\/span><\/h6><\/div><\/div><\/div><\/div>\t\t\t\t\t\t\t\t<\/div>\n\t\t\t\t<\/div>\n\t\t\t\t\t<\/div>\n\t\t<\/div>\n\t\t\t\t<div class=\"elementor-column elementor-col-50 elementor-inner-column elementor-element elementor-element-6a797fae elementor-invisible\" data-id=\"6a797fae\" data-element_type=\"column\" data-e-type=\"column\" data-settings=\"{&quot;animation&quot;:&quot;fadeIn&quot;}\">\n\t\t\t<div class=\"elementor-widget-wrap elementor-element-populated\">\n\t\t\t\t\t\t<div class=\"elementor-element elementor-element-8d6e3bd elementor-invisible elementor-widget elementor-widget-heading\" data-id=\"8d6e3bd\" data-element_type=\"widget\" data-e-type=\"widget\" data-settings=\"{&quot;_animation&quot;:&quot;fadeIn&quot;,&quot;ekit_we_effect_on&quot;:&quot;none&quot;}\" data-widget_type=\"heading.default\">\n\t\t\t\t<div class=\"elementor-widget-container\">\n\t\t\t\t\t<h2 class=\"elementor-heading-title elementor-size-default\">Sociedad Civil<\/h2>\t\t\t\t<\/div>\n\t\t\t\t<\/div>\n\t\t\t\t<div class=\"elementor-element elementor-element-d090855 elementor-invisible elementor-widget elementor-widget-text-editor\" data-id=\"d090855\" data-element_type=\"widget\" data-e-type=\"widget\" data-settings=\"{&quot;_animation&quot;:&quot;fadeIn&quot;,&quot;ekit_we_effect_on&quot;:&quot;none&quot;}\" data-widget_type=\"text-editor.default\">\n\t\t\t\t<div class=\"elementor-widget-container\">\n\t\t\t\t\t\t\t\t\t<h4><span style=\"color: #008000;\"><strong>4 Representantes de organismos empresariales<\/strong><\/span><\/h4><h5><span style=\"color: #008000;\">Voto<\/span><\/h5><div><strong>Bernardo Chuk Salazar<\/strong><\/div><div><h6><span style=\"color: #808080;\"><em>Confederaci\u00f3n Patronal de la Republica Mexicana (COPARMEX)<\/em><\/span><\/h6><\/div><div><strong>H\u00e9ctor Horacio D\u00e1vila Rodr\u00edguez<\/strong><\/div><div><h6><span style=\"color: #808080;\"><em>Asosiaci\u00f3n de Hoteles y Moteles de Coahuila (AMHMC)<\/em><\/span><\/h6><\/div><div><strong>Jorge Victoriano Del Bosque De La Pe\u00f1a<\/strong><\/div><div><h6><span style=\"color: #808080;\"><em>Consorcio Contructor Saltillo (COCONSA)<\/em><\/span><\/h6><\/div><div><strong>Iv\u00e1n Jos\u00e9 Vicente Garc\u00eda<\/strong><\/div><div><h6><span style=\"color: #808080;\"><em>Aguas De Saltilloo<\/em><\/span><\/h6><\/div><div>\u00a0<\/div><div><h4><span style=\"color: #008000;\"><strong>2 Representantes de asociaciones y colegios de profesionistas<\/strong><\/span><\/h4><h5><span style=\"color: #008000;\">Voto<\/span><\/h5><\/div><div><strong>Francisco Miguel Aguirre Villarreal<\/strong><\/div><div><h6><span style=\"color: #808080;\"><em>Colegio de Actuarios<\/em><\/span><\/h6><\/div><div><strong>Rebeca Boone Villarreal<\/strong><\/div><div><h6><span style=\"color: #808080;\"><em>Colegio de Abogados<\/em><\/span><\/h6><\/div><div>\u00a0<\/div><h4><span style=\"color: #008000;\"><strong>2 Representantes de Educaci\u00f3n Universitaria<\/strong><\/span><\/h4><h5><span style=\"color: #008000;\">Voto<\/span><\/h5><div><div><strong>Esteban Garza Fishburn<\/strong><\/div><div><h6><span style=\"color: #808080;\"><em>Universidad Carolina<\/em><\/span><\/h6><\/div><div><strong>Octavio Pimentel Mart\u00ednez<\/strong><\/div><div><h6><span style=\"color: #808080;\"><em>Universidad Auton\u00f3ma de Coahuila<\/em><\/span><\/h6><\/div><\/div>\t\t\t\t\t\t\t\t<\/div>\n\t\t\t\t<\/div>\n\t\t\t\t\t<\/div>\n\t\t<\/div>\n\t\t\t\t\t<\/div>\n\t\t<\/section>\n\t\t\t\t\t<\/div>\n\t\t<\/div>\n\t\t\t\t\t<\/div>\n\t\t<\/section>\n\t\t\t\t<section class=\"elementor-section elementor-top-section elementor-element elementor-element-319c2027 elementor-section-stretched elementor-section-boxed elementor-section-height-default elementor-section-height-default\" data-id=\"319c2027\" data-element_type=\"section\" data-e-type=\"section\" id=\"portfolio\" data-settings=\"{&quot;stretch_section&quot;:&quot;section-stretched&quot;,&quot;background_background&quot;:&quot;classic&quot;,&quot;shape_divider_top&quot;:&quot;tilt&quot;,&quot;ekit_has_onepagescroll_dot&quot;:&quot;yes&quot;}\">\n\t\t\t\t\t<div class=\"elementor-shape elementor-shape-top\" aria-hidden=\"true\" data-negative=\"false\">\n\t\t\t<svg xmlns=\"http:\/\/www.w3.org\/2000\/svg\" viewBox=\"0 0 1000 100\" preserveAspectRatio=\"none\">\n\t<path class=\"elementor-shape-fill\" d=\"M0,6V0h1000v100L0,6z\"\/>\n<\/svg>\t\t<\/div>\n\t\t\t\t\t<div class=\"elementor-container elementor-column-gap-default\">\n\t\t\t\t\t<div class=\"elementor-column elementor-col-100 elementor-top-column elementor-element elementor-element-49948439\" data-id=\"49948439\" data-element_type=\"column\" data-e-type=\"column\">\n\t\t\t<div class=\"elementor-widget-wrap elementor-element-populated\">\n\t\t\t\t\t\t<div class=\"elementor-element elementor-element-0e2ca34 elementor-invisible elementor-widget elementor-widget-heading\" data-id=\"0e2ca34\" data-element_type=\"widget\" data-e-type=\"widget\" data-settings=\"{&quot;_animation&quot;:&quot;fadeIn&quot;,&quot;ekit_we_effect_on&quot;:&quot;none&quot;}\" data-widget_type=\"heading.default\">\n\t\t\t\t<div class=\"elementor-widget-container\">\n\t\t\t\t\t<h2 class=\"elementor-heading-title elementor-size-default\">Equipo<\/h2>\t\t\t\t<\/div>\n\t\t\t\t<\/div>\n\t\t\t\t<div class=\"elementor-element elementor-element-a1801ab elementor-widget-divider--view-line elementor-invisible elementor-widget elementor-widget-divider\" data-id=\"a1801ab\" data-element_type=\"widget\" data-e-type=\"widget\" data-settings=\"{&quot;_animation&quot;:&quot;fadeIn&quot;,&quot;ekit_we_effect_on&quot;:&quot;none&quot;}\" data-widget_type=\"divider.default\">\n\t\t\t\t<div class=\"elementor-widget-container\">\n\t\t\t\t\t\t\t<div class=\"elementor-divider\">\n\t\t\t<span class=\"elementor-divider-separator\">\n\t\t\t\t\t\t<\/span>\n\t\t<\/div>\n\t\t\t\t\t\t<\/div>\n\t\t\t\t<\/div>\n\t\t\t\t<div class=\"elementor-element elementor-element-f9b0f22 elementor-widget elementor-widget-avas-profile\" data-id=\"f9b0f22\" data-element_type=\"widget\" data-e-type=\"widget\" data-settings=\"{&quot;ekit_we_effect_on&quot;:&quot;none&quot;}\" data-widget_type=\"avas-profile.default\">\n\t\t\t\t<div class=\"elementor-widget-container\">\n\t\t\t\t\t  \r\n    <div class=\"tx-profile-wrap style-1\">\r\n        <div class=\"row\">\r\n                                   <div class=\"col-lg-3 col-sm-6\">\r\n                        <div class=\"tx-profile-container\">\r\n                                                        <div class=\"tx-profile-image\">\r\n                                                                    <img decoding=\"async\" width=\"750\" height=\"500\" src=\"https:\/\/implansaltillo.mx\/boceto\/wp-content\/uploads\/2025\/01\/team1-copia.jpg\" class=\"attachment-full size-full wp-image-2713\" alt=\"\" srcset=\"https:\/\/implansaltillo.mx\/boceto\/wp-content\/uploads\/2025\/01\/team1-copia.jpg 750w, https:\/\/implansaltillo.mx\/boceto\/wp-content\/uploads\/2025\/01\/team1-copia-300x200.jpg 300w, https:\/\/implansaltillo.mx\/boceto\/wp-content\/uploads\/2025\/01\/team1-copia-150x100.jpg 150w, https:\/\/implansaltillo.mx\/boceto\/wp-content\/uploads\/2025\/01\/team1-copia-360x240.jpg 360w, https:\/\/implansaltillo.mx\/boceto\/wp-content\/uploads\/2025\/01\/team1-copia-373x249.jpg 373w, https:\/\/implansaltillo.mx\/boceto\/wp-content\/uploads\/2025\/01\/team1-copia-80x53.jpg 80w, https:\/\/implansaltillo.mx\/boceto\/wp-content\/uploads\/2025\/01\/team1-copia-620x413.jpg 620w, https:\/\/implansaltillo.mx\/boceto\/wp-content\/uploads\/2025\/01\/team1-copia-460x307.jpg 460w, https:\/\/implansaltillo.mx\/boceto\/wp-content\/uploads\/2025\/01\/team1-copia-365x243.jpg 365w\" sizes=\"(max-width: 750px) 100vw, 750px\" \/>                                                            <\/div><!-- tx-profile-image -->\r\n                            \r\n                            <div class=\"tx-profile-content\">\r\n                                                                <h4 class=\"tx-profile-name\">Alberto Glyndwr Salinas de las Fuentes<\/h4>    \r\n                                                                <div class=\"tx-profile-position\">Director General<\/div>\r\n                                <div class=\"tx-profile-details\"><\/div>\r\n                                \r\n        <div class=\"tx-social-profile\">\r\n                                                                                                          \r\n                                <\/div><!-- tx-social-profile -->\r\n\r\n     \r\n                            <\/div><!-- tx-profile-content -->\r\n                        <\/div><!-- tx-profile-container -->\r\n                    <\/div><!-- col-md -->\r\n                                   <div class=\"col-lg-3 col-sm-6\">\r\n                        <div class=\"tx-profile-container\">\r\n                                                        <div class=\"tx-profile-image\">\r\n                                                                    <img loading=\"lazy\" decoding=\"async\" width=\"180\" height=\"120\" src=\"https:\/\/implansaltillo.mx\/boceto\/wp-content\/uploads\/2023\/09\/team6.jpg\" class=\"attachment-full size-full wp-image-1346\" alt=\"\" srcset=\"https:\/\/implansaltillo.mx\/boceto\/wp-content\/uploads\/2023\/09\/team6.jpg 180w, https:\/\/implansaltillo.mx\/boceto\/wp-content\/uploads\/2023\/09\/team6-150x100.jpg 150w, https:\/\/implansaltillo.mx\/boceto\/wp-content\/uploads\/2023\/09\/team6-80x53.jpg 80w\" sizes=\"(max-width: 180px) 100vw, 180px\" \/>                                                            <\/div><!-- tx-profile-image -->\r\n                            \r\n                            <div class=\"tx-profile-content\">\r\n                                                                <h4 class=\"tx-profile-name\">Gabriela De Valle Del Bosque<\/h4>    \r\n                                                                <div class=\"tx-profile-position\">Secretaria T\u00e9cnica<\/div>\r\n                                <div class=\"tx-profile-details\"><\/div>\r\n                                \r\n        <div class=\"tx-social-profile\">\r\n                                                                                                          \r\n                                <\/div><!-- tx-social-profile -->\r\n\r\n     \r\n                            <\/div><!-- tx-profile-content -->\r\n                        <\/div><!-- tx-profile-container -->\r\n                    <\/div><!-- col-md -->\r\n                                   <div class=\"col-lg-3 col-sm-6\">\r\n                        <div class=\"tx-profile-container\">\r\n                                                        <div class=\"tx-profile-image\">\r\n                                                                    <img loading=\"lazy\" decoding=\"async\" width=\"180\" height=\"120\" src=\"https:\/\/implansaltillo.mx\/boceto\/wp-content\/uploads\/2024\/12\/team8.jpg\" class=\"attachment-full size-full wp-image-2697\" alt=\"\" srcset=\"https:\/\/implansaltillo.mx\/boceto\/wp-content\/uploads\/2024\/12\/team8.jpg 180w, https:\/\/implansaltillo.mx\/boceto\/wp-content\/uploads\/2024\/12\/team8-150x100.jpg 150w, https:\/\/implansaltillo.mx\/boceto\/wp-content\/uploads\/2024\/12\/team8-80x53.jpg 80w\" sizes=\"(max-width: 180px) 100vw, 180px\" \/>                                                            <\/div><!-- tx-profile-image -->\r\n                            \r\n                            <div class=\"tx-profile-content\">\r\n                                                                <h4 class=\"tx-profile-name\">Erika Rodr\u00edguez Tapia<\/h4>    \r\n                                                                <div class=\"tx-profile-position\">Coordinadora Administrativa<\/div>\r\n                                <div class=\"tx-profile-details\"><\/div>\r\n                                \r\n        <div class=\"tx-social-profile\">\r\n                                                                                                          \r\n                                <\/div><!-- tx-social-profile -->\r\n\r\n     \r\n                            <\/div><!-- tx-profile-content -->\r\n                        <\/div><!-- tx-profile-container -->\r\n                    <\/div><!-- col-md -->\r\n                                   <div class=\"col-lg-3 col-sm-6\">\r\n                        <div class=\"tx-profile-container\">\r\n                                                        <div class=\"tx-profile-image\">\r\n                                                                    <img loading=\"lazy\" decoding=\"async\" width=\"180\" height=\"120\" src=\"https:\/\/implansaltillo.mx\/boceto\/wp-content\/uploads\/2023\/09\/team3.jpg\" class=\"attachment-full size-full wp-image-1343\" alt=\"\" srcset=\"https:\/\/implansaltillo.mx\/boceto\/wp-content\/uploads\/2023\/09\/team3.jpg 180w, https:\/\/implansaltillo.mx\/boceto\/wp-content\/uploads\/2023\/09\/team3-150x100.jpg 150w, https:\/\/implansaltillo.mx\/boceto\/wp-content\/uploads\/2023\/09\/team3-80x53.jpg 80w\" sizes=\"(max-width: 180px) 100vw, 180px\" \/>                                                            <\/div><!-- tx-profile-image -->\r\n                            \r\n                            <div class=\"tx-profile-content\">\r\n                                                                <h4 class=\"tx-profile-name\">Marco Antonio Flores Verduzco<\/h4>    \r\n                                                                <div class=\"tx-profile-position\">Coordinador de Planeaci\u00f3n Urbana y Desarrollo Social<\/div>\r\n                                <div class=\"tx-profile-details\"><\/div>\r\n                                \r\n        <div class=\"tx-social-profile\">\r\n                                                                                                          \r\n                                <\/div><!-- tx-social-profile -->\r\n\r\n     \r\n                            <\/div><!-- tx-profile-content -->\r\n                        <\/div><!-- tx-profile-container -->\r\n                    <\/div><!-- col-md -->\r\n                                   <div class=\"col-lg-3 col-sm-6\">\r\n                        <div class=\"tx-profile-container\">\r\n                                                        <div class=\"tx-profile-image\">\r\n                                                                    <img loading=\"lazy\" decoding=\"async\" width=\"750\" height=\"500\" src=\"https:\/\/implansaltillo.mx\/boceto\/wp-content\/uploads\/2025\/01\/carmina.jpg\" class=\"attachment-full size-full wp-image-2714\" alt=\"\" srcset=\"https:\/\/implansaltillo.mx\/boceto\/wp-content\/uploads\/2025\/01\/carmina.jpg 750w, https:\/\/implansaltillo.mx\/boceto\/wp-content\/uploads\/2025\/01\/carmina-300x200.jpg 300w, https:\/\/implansaltillo.mx\/boceto\/wp-content\/uploads\/2025\/01\/carmina-150x100.jpg 150w, https:\/\/implansaltillo.mx\/boceto\/wp-content\/uploads\/2025\/01\/carmina-360x240.jpg 360w, https:\/\/implansaltillo.mx\/boceto\/wp-content\/uploads\/2025\/01\/carmina-373x249.jpg 373w, https:\/\/implansaltillo.mx\/boceto\/wp-content\/uploads\/2025\/01\/carmina-80x53.jpg 80w, https:\/\/implansaltillo.mx\/boceto\/wp-content\/uploads\/2025\/01\/carmina-620x413.jpg 620w, https:\/\/implansaltillo.mx\/boceto\/wp-content\/uploads\/2025\/01\/carmina-460x307.jpg 460w, https:\/\/implansaltillo.mx\/boceto\/wp-content\/uploads\/2025\/01\/carmina-365x243.jpg 365w\" sizes=\"(max-width: 750px) 100vw, 750px\" \/>                                                            <\/div><!-- tx-profile-image -->\r\n                            \r\n                            <div class=\"tx-profile-content\">\r\n                                                                <h4 class=\"tx-profile-name\">Carmina Villarreal Milchorena<\/h4>    \r\n                                                                <div class=\"tx-profile-position\">Coordinadora de Sustentabilidad y Cambio Clim\u00e1tico<\/div>\r\n                                <div class=\"tx-profile-details\"><\/div>\r\n                                \r\n        <div class=\"tx-social-profile\">\r\n                                                                                                          \r\n                                <\/div><!-- tx-social-profile -->\r\n\r\n     \r\n                            <\/div><!-- tx-profile-content -->\r\n                        <\/div><!-- tx-profile-container -->\r\n                    <\/div><!-- col-md -->\r\n                                   <div class=\"col-lg-3 col-sm-6\">\r\n                        <div class=\"tx-profile-container\">\r\n                                                        <div class=\"tx-profile-image\">\r\n                                                                    <img loading=\"lazy\" decoding=\"async\" width=\"180\" height=\"120\" src=\"https:\/\/implansaltillo.mx\/boceto\/wp-content\/uploads\/2023\/09\/team4.jpg\" class=\"attachment-full size-full wp-image-1344\" alt=\"\" srcset=\"https:\/\/implansaltillo.mx\/boceto\/wp-content\/uploads\/2023\/09\/team4.jpg 180w, https:\/\/implansaltillo.mx\/boceto\/wp-content\/uploads\/2023\/09\/team4-150x100.jpg 150w, https:\/\/implansaltillo.mx\/boceto\/wp-content\/uploads\/2023\/09\/team4-80x53.jpg 80w\" sizes=\"(max-width: 180px) 100vw, 180px\" \/>                                                            <\/div><!-- tx-profile-image -->\r\n                            \r\n                            <div class=\"tx-profile-content\">\r\n                                                                <h4 class=\"tx-profile-name\">Jos\u00e9 Manuel Garza Ortiz de Montellano<\/h4>    \r\n                                                                <div class=\"tx-profile-position\">Coordinador de Movilidad y Dise\u00f1o Urbano<\/div>\r\n                                <div class=\"tx-profile-details\"><\/div>\r\n                                \r\n        <div class=\"tx-social-profile\">\r\n                                                                                                          \r\n                                <\/div><!-- tx-social-profile -->\r\n\r\n     \r\n                            <\/div><!-- tx-profile-content -->\r\n                        <\/div><!-- tx-profile-container -->\r\n                    <\/div><!-- col-md -->\r\n                                   <div class=\"col-lg-3 col-sm-6\">\r\n                        <div class=\"tx-profile-container\">\r\n                                                        <div class=\"tx-profile-image\">\r\n                                                                    <img loading=\"lazy\" decoding=\"async\" width=\"180\" height=\"120\" src=\"https:\/\/implansaltillo.mx\/boceto\/wp-content\/uploads\/2023\/09\/team5.jpg\" class=\"attachment-full size-full wp-image-1345\" alt=\"\" srcset=\"https:\/\/implansaltillo.mx\/boceto\/wp-content\/uploads\/2023\/09\/team5.jpg 180w, https:\/\/implansaltillo.mx\/boceto\/wp-content\/uploads\/2023\/09\/team5-150x100.jpg 150w, https:\/\/implansaltillo.mx\/boceto\/wp-content\/uploads\/2023\/09\/team5-80x53.jpg 80w\" sizes=\"(max-width: 180px) 100vw, 180px\" \/>                                                            <\/div><!-- tx-profile-image -->\r\n                            \r\n                            <div class=\"tx-profile-content\">\r\n                                                                <h4 class=\"tx-profile-name\">Roberto Casta\u00f1eda Tapia<\/h4>    \r\n                                                                <div class=\"tx-profile-position\">Coordinador de Informaci\u00f3n Geogr\u00e1fica y Estad\u00edstica Municipal<\/div>\r\n                                <div class=\"tx-profile-details\"><\/div>\r\n                                \r\n        <div class=\"tx-social-profile\">\r\n                                                                                                          \r\n                                <\/div><!-- tx-social-profile -->\r\n\r\n     \r\n                            <\/div><!-- tx-profile-content -->\r\n                        <\/div><!-- tx-profile-container -->\r\n                    <\/div><!-- col-md -->\r\n                                   <div class=\"col-lg-3 col-sm-6\">\r\n                        <div class=\"tx-profile-container\">\r\n                                                        <div class=\"tx-profile-image\">\r\n                                                                    <img loading=\"lazy\" decoding=\"async\" width=\"180\" height=\"120\" src=\"https:\/\/implansaltillo.mx\/boceto\/wp-content\/uploads\/2025\/03\/team7.jpg\" class=\"attachment-full size-full wp-image-2751\" alt=\"\" srcset=\"https:\/\/implansaltillo.mx\/boceto\/wp-content\/uploads\/2025\/03\/team7.jpg 180w, https:\/\/implansaltillo.mx\/boceto\/wp-content\/uploads\/2025\/03\/team7-150x100.jpg 150w, https:\/\/implansaltillo.mx\/boceto\/wp-content\/uploads\/2025\/03\/team7-80x53.jpg 80w\" sizes=\"(max-width: 180px) 100vw, 180px\" \/>                                                            <\/div><!-- tx-profile-image -->\r\n                            \r\n                            <div class=\"tx-profile-content\">\r\n                                                                <h4 class=\"tx-profile-name\">Juan De la Pe\u00f1a Vald\u00e9s<\/h4>    \r\n                                                                <div class=\"tx-profile-position\">Coordinador de Comunicaci\u00f3n<\/div>\r\n                                <div class=\"tx-profile-details\"><\/div>\r\n                                \r\n        <div class=\"tx-social-profile\">\r\n                                                                                                          \r\n                                <\/div><!-- tx-social-profile -->\r\n\r\n     \r\n                            <\/div><!-- tx-profile-content -->\r\n                        <\/div><!-- tx-profile-container -->\r\n                    <\/div><!-- col-md -->\r\n                   \r\n        <\/div><!-- row -->\r\n    <\/div><!-- tx-profile-wrap -->\r\n\r\n\t\t\t\t<\/div>\n\t\t\t\t<\/div>\n\t\t\t\t\t<\/div>\n\t\t<\/div>\n\t\t\t\t\t<\/div>\n\t\t<\/section>\n\t\t\t\t<\/div>\n\t\t","protected":false},"excerpt":{"rendered":"<p class=\"tx-excerpt\">IMPLAN Misi\u00f3n Visi\u00f3n IMPLAN El Instituto Municipal de Planeaci\u00f3n de Saltillo (IMPLAN)\u00a0es una instituci\u00f3n p\u00fablica responsable de planeaci\u00f3n del desarrollo sustentable del Municipio a trav\u00e9s de la participaci\u00f3n ciudadana y la de sus","protected":false},"author":2,"featured_media":0,"parent":0,"menu_order":0,"comment_status":"closed","ping_status":"closed","template":"","meta":{"footnotes":""},"class_list":["post-1166","page","type-page","status-publish","hentry"],"_links":{"self":[{"href":"https:\/\/implansaltillo.mx\/boceto\/wp-json\/wp\/v2\/pages\/1166","targetHints":{"allow":["GET"]}}],"collection":[{"href":"https:\/\/implansaltillo.mx\/boceto\/wp-json\/wp\/v2\/pages"}],"about":[{"href":"https:\/\/implansaltillo.mx\/boceto\/wp-json\/wp\/v2\/types\/page"}],"author":[{"embeddable":true,"href":"https:\/\/implansaltillo.mx\/boceto\/wp-json\/wp\/v2\/users\/2"}],"replies":[{"embeddable":true,"href":"https:\/\/implansaltillo.mx\/boceto\/wp-json\/wp\/v2\/comments?post=1166"}],"version-history":[{"count":137,"href":"https:\/\/implansaltillo.mx\/boceto\/wp-json\/wp\/v2\/pages\/1166\/revisions"}],"predecessor-version":[{"id":2762,"href":"https:\/\/implansaltillo.mx\/boceto\/wp-json\/wp\/v2\/pages\/1166\/revisions\/2762"}],"wp:attachment":[{"href":"https:\/\/implansaltillo.mx\/boceto\/wp-json\/wp\/v2\/media?parent=1166"}],"curies":[{"name":"wp","href":"https:\/\/api.w.org\/{rel}","templated":true}]}}